{"id":431,"date":"2021-02-10T13:17:38","date_gmt":"2021-02-10T10:17:38","guid":{"rendered":"http:\/\/site.zile.bel.tr\/?page_id=431"},"modified":"2021-02-12T14:10:37","modified_gmt":"2021-02-12T11:10:37","slug":"kultur-ve-sosyal-isler-mudurlugu","status":"publish","type":"page","link":"http:\/\/site.zile.bel.tr\/index.php\/kultur-ve-sosyal-isler-mudurlugu\/","title":{"rendered":"K\u00fclt\u00fcr ve Sosyal \u0130\u015fler M\u00fcd\u00fcrl\u00fc\u011f\u00fc"},"content":{"rendered":"<p style=\"text-align: center;\"><img loading=\"lazy\" decoding=\"async\" class=\"alignnone wp-image-454\" src=\"http:\/\/site.zile.bel.tr\/wp-content\/uploads\/2021\/02\/YSR_5874-300x200.jpg\" alt=\"\" width=\"557\" height=\"371\" srcset=\"http:\/\/site.zile.bel.tr\/wp-content\/uploads\/2021\/02\/YSR_5874-300x200.jpg 300w, http:\/\/site.zile.bel.tr\/wp-content\/uploads\/2021\/02\/YSR_5874-1024x683.jpg 1024w, http:\/\/site.zile.bel.tr\/wp-content\/uploads\/2021\/02\/YSR_5874-768x512.jpg 768w, http:\/\/site.zile.bel.tr\/wp-content\/uploads\/2021\/02\/YSR_5874-1536x1024.jpg 1536w, http:\/\/site.zile.bel.tr\/wp-content\/uploads\/2021\/02\/YSR_5874-2048x1365.jpg 2048w\" sizes=\"auto, (max-width: 557px) 100vw, 557px\" \/><\/p>\n<table style=\"width: 100%; border-collapse: collapse; background-color: #266da3;\">\n<tbody>\n<tr>\n<td style=\"width: 100%; text-align: center;\"><span style=\"color: #ffffff;\"><strong>Necmettin ERYILMAZ<\/strong><\/span><\/td>\n<\/tr>\n<\/tbody>\n<\/table>\n<p style=\"text-align: justify;\">1966 y\u0131l\u0131nda Zile de do\u011fdu. \u0130lk-Orta ve lise \u00f6\u011frenimini zile de yapt\u0131. Cumhuriyet \u00dcniversitesi\u00a0 Meslek Y\u00fcksek Okulu \u0130n\u015faat b\u00f6l\u00fcm\u00fcn\u00fc 1985 y\u0131l\u0131nda bitirdi.<\/p>\n<p style=\"text-align: justify;\">Mezuniyetine takiben Zile Belediyesi Fen \u0130\u015fleri M\u00fcd\u00fcrl\u00fc\u011f\u00fcnde in\u015faat teknikeri olarak g\u00f6reve ba\u015flad\u0131. 2012 y\u0131l\u0131ndan itibaren K\u00fclt\u00fcr ve Sosyal Hizmetler M\u00fcd\u00fcr olarak g\u00f6rev yapmaktad\u0131r. Zile ile ilgili \u00e7ok say\u0131da akademik ara\u015ft\u0131rma ve yay\u0131nlara imza atm\u0131\u015f, yaz\u0131l\u0131 ve g\u00f6rsel materyalleri haz\u0131rlay\u0131p yerel ve ulusal bas\u0131nda yay\u0131nlam\u0131\u015ft\u0131r.<\/p>\n<p style=\"text-align: justify;\">Ayn\u0131 zamanda\u00a0 proje sorumlusu olarak belediyemize kaynak olu\u015fturan bir\u00e7ok projede imzalar\u0131 bulunmaktad\u0131r.<\/p>\n<table style=\"width: 100%; border-collapse: collapse; background-color: #266da3;\">\n<tbody>\n<tr>\n<td style=\"width: 100%; text-align: center;\"><a href=\"http:\/\/site.zile.bel.tr\/evrak\/kultur.pdf\" target=\"_blank\" rel=\"noopener\"><span style=\"color: #ffffff;\"><strong>Hizmet standartlar\u0131 i\u00e7in t\u0131klay\u0131n\u0131z.<\/strong><\/span><\/a><\/td>\n<\/tr>\n<\/tbody>\n<\/table>\n<p>&nbsp;<\/p>\n<table style=\"width: 100%; border-collapse: collapse; background-color: #266da3;\">\n<tbody>\n<tr>\n<td style=\"width: 33.3333%; text-align: center;\"><strong><span style=\"color: #ffffff;\">Telefon<\/span><\/strong><\/td>\n<td style=\"width: 33.3333%; text-align: center;\"><strong><span style=\"color: #ffffff;\">e-mail<\/span><\/strong><\/td>\n<td style=\"width: 33.3333%; text-align: center;\"><strong><span style=\"color: #ffffff;\">Adres<\/span><\/strong><\/td>\n<\/tr>\n<tr>\n<td style=\"width: 33.3333%; text-align: center;\"><span style=\"color: #ffffff;\">0356 317 50 80 &#8211; dahili 147<\/span><\/td>\n<td style=\"width: 33.3333%; text-align: center;\"><span style=\"color: #ffffff;\">kultur@zile.bel.tr<\/span><\/td>\n<td style=\"width: 33.3333%; text-align: center;\"><span style=\"color: #ffffff;\">Dutlup\u0131nar Mah. Amasya Cad. No:1\u00a0<\/span><\/td>\n<\/tr>\n<\/tbody>\n<\/table>\n<p><iframe loading=\"lazy\" style=\"border: 0;\" tabindex=\"0\" src=\"https:\/\/www.google.com\/maps\/embed?pb=!1m18!1m12!1m3!1d3042.800968523709!2d35.88445131535217!3d40.302377979378605!2m3!1f0!2f0!3f0!3m2!1i1024!2i768!4f13.1!3m3!1m2!1s0x407dfb0e5d736887%3A0x1e3771566921de4e!2sZile%20Belediyesi!5e0!3m2!1str!2str!4v1612964998115!5m2!1str!2str\" width=\"800\" height=\"450\" frameborder=\"0\" allowfullscreen=\"allowfullscreen\" aria-hidden=\"false\"><span data-mce-type=\"bookmark\" style=\"display: inline-block; width: 0px; overflow: hidden; line-height: 0;\" class=\"mce_SELRES_start\">\ufeff<\/span><span data-mce-type=\"bookmark\" style=\"display: inline-block; width: 0px; overflow: hidden; line-height: 0;\" class=\"mce_SELRES_start\">\ufeff<\/span><\/iframe><\/p>\n","protected":false},"excerpt":{"rendered":"<p>Necmettin ERYILMAZ 1966 y\u0131l\u0131nda Zile de do\u011fdu. \u0130lk-Orta ve lise \u00f6\u011frenimini zile de yapt\u0131. Cumhuriyet \u00dcniversitesi\u00a0 Meslek Y\u00fcksek Okulu \u0130n\u015faat b\u00f6l\u00fcm\u00fcn\u00fc 1985 y\u0131l\u0131nda bitirdi. Mezuniyetine takiben Zile Belediyesi Fen \u0130\u015fleri M\u00fcd\u00fcrl\u00fc\u011f\u00fcnde in\u015faat teknikeri olarak g\u00f6reve ba\u015flad\u0131. 2012 y\u0131l\u0131ndan itibaren K\u00fclt\u00fcr ve Sosyal Hizmetler M\u00fcd\u00fcr olarak g\u00f6rev yapmaktad\u0131r. Zile ile ilgili \u00e7ok say\u0131da akademik ara\u015ft\u0131rma ve [&hellip;]<\/p>\n","protected":false},"author":1,"featured_media":0,"parent":0,"menu_order":0,"comment_status":"closed","ping_status":"closed","template":"","meta":{"footnotes":""},"class_list":["post-431","page","type-page","status-publish","hentry"],"_links":{"self":[{"href":"http:\/\/site.zile.bel.tr\/index.php\/wp-json\/wp\/v2\/pages\/431","targetHints":{"allow":["GET"]}}],"collection":[{"href":"http:\/\/site.zile.bel.tr\/index.php\/wp-json\/wp\/v2\/pages"}],"about":[{"href":"http:\/\/site.zile.bel.tr\/index.php\/wp-json\/wp\/v2\/types\/page"}],"author":[{"embeddable":true,"href":"http:\/\/site.zile.bel.tr\/index.php\/wp-json\/wp\/v2\/users\/1"}],"replies":[{"embeddable":true,"href":"http:\/\/site.zile.bel.tr\/index.php\/wp-json\/wp\/v2\/comments?post=431"}],"version-history":[{"count":7,"href":"http:\/\/site.zile.bel.tr\/index.php\/wp-json\/wp\/v2\/pages\/431\/revisions"}],"predecessor-version":[{"id":753,"href":"http:\/\/site.zile.bel.tr\/index.php\/wp-json\/wp\/v2\/pages\/431\/revisions\/753"}],"wp:attachment":[{"href":"http:\/\/site.zile.bel.tr\/index.php\/wp-json\/wp\/v2\/media?parent=431"}],"curies":[{"name":"wp","href":"https:\/\/api.w.org\/{rel}","templated":true}]}}