{"id":478,"date":"2021-02-10T14:41:36","date_gmt":"2021-02-10T11:41:36","guid":{"rendered":"http:\/\/site.zile.bel.tr\/?page_id=478"},"modified":"2024-11-25T16:20:17","modified_gmt":"2024-11-25T13:20:17","slug":"itfaiye-mudurlugu","status":"publish","type":"page","link":"https:\/\/site.zile.bel.tr\/index.php\/itfaiye-mudurlugu\/","title":{"rendered":"\u0130tfaiye M\u00fcd\u00fcrl\u00fc\u011f\u00fc"},"content":{"rendered":"<p><img loading=\"lazy\" decoding=\"async\" class=\"alignnone wp-image-8057\" src=\"http:\/\/site.zile.bel.tr\/wp-content\/uploads\/2024\/11\/123456-300x225.jpg\" alt=\"\" width=\"800\" height=\"600\" srcset=\"https:\/\/site.zile.bel.tr\/wp-content\/uploads\/2024\/11\/123456-300x225.jpg 300w, https:\/\/site.zile.bel.tr\/wp-content\/uploads\/2024\/11\/123456-1024x768.jpg 1024w, https:\/\/site.zile.bel.tr\/wp-content\/uploads\/2024\/11\/123456-768x576.jpg 768w, https:\/\/site.zile.bel.tr\/wp-content\/uploads\/2024\/11\/123456-1536x1152.jpg 1536w, https:\/\/site.zile.bel.tr\/wp-content\/uploads\/2024\/11\/123456.jpg 1600w\" sizes=\"auto, (max-width: 800px) 100vw, 800px\" \/><\/p>\n<table style=\"width: 100%; border-collapse: collapse; background-color: #266da3;\">\n<tbody>\n<tr>\n<td style=\"width: 100%; text-align: center;\"><span style=\"color: #ffffff;\"><strong>Kadir Ba\u015f<\/strong><\/span><\/td>\n<\/tr>\n<\/tbody>\n<\/table>\n<p>1971 y\u0131l\u0131nda Zile\u2019de do\u011fdu. \u0130lk, orta ve lise e\u011fitimini Zile\u2019de tamamlad\u0131. Cumhuriyet \u00dcniversitesi \u0130n\u015faat Teknikerli\u011fi B\u00f6l\u00fcm\u00fc\u2019nden mezun oldu.<\/p>\n<p>1995 y\u0131l\u0131nda Zile Belediyesi\u2019nde in\u015faat teknikeri olarak g\u00f6reve ba\u015flad\u0131. 2015 y\u0131l\u0131na kadar \u0130mar \u0130\u015fleri M\u00fcd\u00fcrl\u00fc\u011f\u00fc\u2019nde g\u00f6rev yapt\u0131. 2015 y\u0131l\u0131ndan itibaren Zile Belediyesi \u0130tfaiye M\u00fcd\u00fcr\u00fc olarak g\u00f6revini s\u00fcrd\u00fcrmektedir.<\/p>\n<table style=\"width: 100%; border-collapse: collapse; background-color: #266da3; height: 23px;\">\n<tbody>\n<tr style=\"height: 23px;\">\n<td style=\"width: 100%; text-align: center; height: 23px;\"><a href=\"http:\/\/site.zile.bel.tr\/evrak\/itfaiye.pdf\" target=\"_blank\" rel=\"noopener\"><span style=\"color: #ffffff;\"><strong>Hizmet standartlar\u0131 i\u00e7in t\u0131klay\u0131n\u0131z.<\/strong><\/span><\/a><\/td>\n<\/tr>\n<\/tbody>\n<\/table>\n<p>&nbsp;<\/p>\n<table style=\"width: 100%; border-collapse: collapse; background-color: #266da3;\">\n<tbody>\n<tr>\n<td style=\"width: 33.3333%; text-align: center;\"><strong><span style=\"color: #ffffff;\">Telefon<\/span><\/strong><\/td>\n<td style=\"width: 33.3333%; text-align: center;\"><strong><span style=\"color: #ffffff;\">e-mail<\/span><\/strong><\/td>\n<td style=\"width: 33.3333%; text-align: center;\"><strong><span style=\"color: #ffffff;\">Adres<\/span><\/strong><\/td>\n<\/tr>\n<tr>\n<td style=\"width: 33.3333%; text-align: center;\"><span style=\"color: #ffffff;\">0356 317 50 87<\/span><\/td>\n<td style=\"width: 33.3333%; text-align: center;\"><span style=\"color: #ffffff;\">itfaiye@zile.bel.tr<\/span><\/td>\n<td style=\"width: 33.3333%; text-align: center;\"><span style=\"color: #ffffff;\">Dutlup\u0131nar Mah. Amasya Cad. No:1\u00a0<\/span><\/td>\n<\/tr>\n<\/tbody>\n<\/table>\n<p><iframe loading=\"lazy\" style=\"border: 0;\" tabindex=\"0\" src=\"https:\/\/www.google.com\/maps\/embed?pb=!1m14!1m8!1m3!1d3043.1207403873077!2d35.886768!3d40.295278!3m2!1i1024!2i768!4f13.1!3m3!1m2!1s0x0%3A0xd6e5fe65013ade10!2zWmlsZSBCZWxlZGl5ZXNpIMSwdGZhaXllIE3DvGTDvHJsw7zEn8O8!5e0!3m2!1str!2str!4v1613128733908!5m2!1str!2str\" width=\"800\" height=\"450\" frameborder=\"0\" allowfullscreen=\"allowfullscreen\" aria-hidden=\"false\"><\/iframe><\/p>\n","protected":false},"excerpt":{"rendered":"<p>Kadir Ba\u015f 1971 y\u0131l\u0131nda Zile\u2019de do\u011fdu. \u0130lk, orta ve lise e\u011fitimini Zile\u2019de tamamlad\u0131. Cumhuriyet \u00dcniversitesi \u0130n\u015faat Teknikerli\u011fi B\u00f6l\u00fcm\u00fc\u2019nden mezun oldu. 1995 y\u0131l\u0131nda Zile Belediyesi\u2019nde in\u015faat teknikeri olarak g\u00f6reve ba\u015flad\u0131. 2015 y\u0131l\u0131na kadar \u0130mar \u0130\u015fleri M\u00fcd\u00fcrl\u00fc\u011f\u00fc\u2019nde g\u00f6rev yapt\u0131. 2015 y\u0131l\u0131ndan itibaren Zile Belediyesi \u0130tfaiye M\u00fcd\u00fcr\u00fc olarak g\u00f6revini s\u00fcrd\u00fcrmektedir. Hizmet standartlar\u0131 i\u00e7in t\u0131klay\u0131n\u0131z. &nbsp; Telefon e-mail Adres [&hellip;]<\/p>\n","protected":false},"author":1,"featured_media":0,"parent":0,"menu_order":0,"comment_status":"closed","ping_status":"closed","template":"","meta":{"footnotes":""},"class_list":["post-478","page","type-page","status-publish","hentry"],"_links":{"self":[{"href":"https:\/\/site.zile.bel.tr\/index.php\/wp-json\/wp\/v2\/pages\/478","targetHints":{"allow":["GET"]}}],"collection":[{"href":"https:\/\/site.zile.bel.tr\/index.php\/wp-json\/wp\/v2\/pages"}],"about":[{"href":"https:\/\/site.zile.bel.tr\/index.php\/wp-json\/wp\/v2\/types\/page"}],"author":[{"embeddable":true,"href":"https:\/\/site.zile.bel.tr\/index.php\/wp-json\/wp\/v2\/users\/1"}],"replies":[{"embeddable":true,"href":"https:\/\/site.zile.bel.tr\/index.php\/wp-json\/wp\/v2\/comments?post=478"}],"version-history":[{"count":12,"href":"https:\/\/site.zile.bel.tr\/index.php\/wp-json\/wp\/v2\/pages\/478\/revisions"}],"predecessor-version":[{"id":8060,"href":"https:\/\/site.zile.bel.tr\/index.php\/wp-json\/wp\/v2\/pages\/478\/revisions\/8060"}],"wp:attachment":[{"href":"https:\/\/site.zile.bel.tr\/index.php\/wp-json\/wp\/v2\/media?parent=478"}],"curies":[{"name":"wp","href":"https:\/\/api.w.org\/{rel}","templated":true}]}}